{"id":295,"date":"2026-01-19T15:44:46","date_gmt":"2026-01-19T14:44:46","guid":{"rendered":"https:\/\/blackmore-gestalttherapie.de\/?page_id=295"},"modified":"2026-01-21T11:44:51","modified_gmt":"2026-01-21T10:44:51","slug":"datenschutzerklaerung","status":"publish","type":"page","link":"https:\/\/blackmore-gestalttherapie.de\/en\/datenschutzerklaerung\/","title":{"rendered":"Privacy Policy"},"content":{"rendered":"<p>[et_pb_section fb_built=&#8220;1&#8243; _builder_version=&#8220;4.27.5&#8243; _module_preset=&#8220;default&#8220; global_colors_info=&#8220;{}&#8220;][et_pb_row _builder_version=&#8220;4.27.5&#8243; _module_preset=&#8220;default&#8220; width_tablet=&#8220;&#8220; width_phone=&#8220;90%&#8220; width_last_edited=&#8220;on|phone&#8220; global_colors_info=&#8220;{}&#8220;][et_pb_column type=&#8220;4_4&#8243; _builder_version=&#8220;4.27.5&#8243; _module_preset=&#8220;default&#8220; global_colors_info=&#8220;{}&#8220;][et_pb_text _builder_version=&#8220;4.27.5&#8243; _module_preset=&#8220;default&#8220; global_colors_info=&#8220;{}&#8220;]<\/p>\n<h1>Privacy Policy<\/h1>\n<h2 id=\"m716\">Pr\u00e4ambel<\/h2>\n<p>Mit der folgenden Datenschutzerkl\u00e4rung m\u00f6chten wir Sie dar\u00fcber aufkl\u00e4ren, welche Arten Ihrer personenbezogenen Daten (nachfolgend auch kurz als \u201eDaten\u201c bezeichnet) wir zu welchen Zwecken und in welchem Umfang verarbeiten. Die Datenschutzerkl\u00e4rung gilt f\u00fcr alle von uns durchgef\u00fchrten Verarbeitungen personenbezogener Daten, sowohl im Rahmen der Erbringung unserer Leistungen als auch insbesondere auf unseren Webseiten, in mobilen Applikationen sowie innerhalb externer Onlinepr\u00e4senzen, wie z.\u00a0B. unserer Social-Media-Profile (nachfolgend zusammenfassend bezeichnet als \u201eOnlineangebot\u201c).<\/p>\n<p>Die verwendeten Begriffe sind nicht geschlechtsspezifisch.<\/p>\n<p>Stand: 1. Januar 2026<\/p>\n<p class=\"seal\"><a href=\"https:\/\/datenschutz-generator.de\/\" title=\"Rechtstext von Dr. Schwenke - f\u00fcr weitere Informationen bitte anklicken.\" target=\"_blank\" rel=\"noopener noreferrer nofollow\"><img loading=\"lazy\" decoding=\"async\" src=\"https:\/\/datenschutz-generator.de\/wp-content\/plugins\/ts-dsg\/images\/dsg-seal\/dsg-seal-pp-de.png\" alt=\"Rechtstext von Dr. Schwenke - f\u00fcr weitere Informationen bitte anklicken.\" width=\"250\" height=\"250\" \/><\/a><\/p>\n<h2>Inhalts\u00fcbersicht<\/h2>\n<ul class=\"index\">\n<li><a class=\"index-link\" href=\"https:\/\/blackmore-coaching.de\/datenschutzerklaerung\/#m716\">Pr\u00e4ambel<\/a><\/li>\n<li><a class=\"index-link\" href=\"https:\/\/blackmore-coaching.de\/datenschutzerklaerung\/#m3\">Verantwortlicher<\/a><\/li>\n<li><a class=\"index-link\" href=\"https:\/\/blackmore-coaching.de\/datenschutzerklaerung\/#mOverview\">\u00dcbersicht der Verarbeitungen<\/a><\/li>\n<li><a class=\"index-link\" href=\"https:\/\/blackmore-coaching.de\/datenschutzerklaerung\/#m2427\">Ma\u00dfgebliche Rechtsgrundlagen<\/a><\/li>\n<li><a class=\"index-link\" href=\"https:\/\/blackmore-coaching.de\/datenschutzerklaerung\/#m27\">Sicherheitsma\u00dfnahmen<\/a><\/li>\n<li><a class=\"index-link\" href=\"https:\/\/blackmore-coaching.de\/datenschutzerklaerung\/#m12\">Allgemeine Informationen zur Datenspeicherung und L\u00f6schung<\/a><\/li>\n<li><a class=\"index-link\" href=\"https:\/\/blackmore-coaching.de\/datenschutzerklaerung\/#m10\">Rechte der betroffenen Personen<\/a><\/li>\n<li><a class=\"index-link\" href=\"https:\/\/blackmore-coaching.de\/datenschutzerklaerung\/#m134\">Einsatz von Cookies<\/a><\/li>\n<li><a class=\"index-link\" href=\"https:\/\/blackmore-coaching.de\/datenschutzerklaerung\/#m182\">Kontakt- und Anfrageverwaltung<\/a><\/li>\n<li><a class=\"index-link\" href=\"https:\/\/blackmore-coaching.de\/datenschutzerklaerung\/#m136\">Pr\u00e4senzen in sozialen Netzwerken (Social Media)<\/a><\/li>\n<li><a class=\"index-link\" href=\"https:\/\/blackmore-coaching.de\/datenschutzerklaerung\/#m15\">\u00c4nderung und Aktualisierung<\/a><\/li>\n<li><a class=\"index-link\" href=\"https:\/\/blackmore-coaching.de\/datenschutzerklaerung\/#m42\">Begriffsdefinitionen<\/a><\/li>\n<\/ul>\n<h2 id=\"m3\">Verantwortliche<\/h2>\n<p>Dr. Sabine Blackmore, Blackmore Coaching<br \/>Heilpraktikerin f\u00fcr Psychotherapie<br \/>Mehringdamm 43<br \/>10961 Berlin, Deutschland<\/p>\n<p>Vertretungsberechtigte Personen: Dr. Sabine Blackmore<\/p>\n<p>E-Mail-Adresse: <br \/><a href=\"mailto:sabine@blackmore-gestalttherapie.de\">sabine@blackmore-gestalttherapie.de<\/a><br \/><a href=\"mailto:sabine@blackmore-coaching.de\">sabine@blackmore-coaching.de<\/a><\/p>\n<h2 id=\"mOverview\">\u00dcbersicht der Verarbeitungen<\/h2>\n<p>Die nachfolgende \u00dcbersicht fasst die Arten der verarbeiteten Daten und die Zwecke ihrer Verarbeitung zusammen und verweist auf die betroffenen Personen.<\/p>\n<h3>Arten der verarbeiteten Daten<\/h3>\n<ul>\n<li>Bestandsdaten.<\/li>\n<li>Kontaktdaten.<\/li>\n<li>Inhaltsdaten.<\/li>\n<li>Nutzungsdaten.<\/li>\n<li>Meta-, Kommunikations- und Verfahrensdaten.<\/li>\n<\/ul>\n<h3>Kategorien betroffener Personen<\/h3>\n<ul>\n<li>Kommunikationspartner.<\/li>\n<li>Nutzer.<\/li>\n<\/ul>\n<h3>Zwecke der Verarbeitung<\/h3>\n<ul>\n<li>Kommunikation.<\/li>\n<li>Organisations- und Verwaltungsverfahren.<\/li>\n<li>Feedback.<\/li>\n<li>Bereitstellung unseres Onlineangebotes und Nutzerfreundlichkeit.<\/li>\n<li>\u00d6ffentlichkeitsarbeit.<\/li>\n<\/ul>\n<h2 id=\"m2427\">Ma\u00dfgebliche Rechtsgrundlagen<\/h2>\n<p><strong>Ma\u00dfgebliche Rechtsgrundlagen nach der DSGVO:<span>\u00a0<\/span><\/strong>Im Folgenden erhalten Sie eine \u00dcbersicht der Rechtsgrundlagen der DSGVO, auf deren Basis wir personenbezogene Daten verarbeiten. Bitte nehmen Sie zur Kenntnis, dass neben den Regelungen der DSGVO nationale Datenschutzvorgaben in Ihrem bzw. unserem Wohn- oder Sitzland gelten k\u00f6nnen. Sollten ferner im Einzelfall speziellere Rechtsgrundlagen ma\u00dfgeblich sein, teilen wir Ihnen diese in der Datenschutzerkl\u00e4rung mit.<\/p>\n<ul>\n<li><strong>Einwilligung (Art. 6 Abs. 1 S. 1 lit. a) DSGVO)<\/strong><span>\u00a0<\/span>\u2013 Die betroffene Person hat ihre Einwilligung in die Verarbeitung der sie betreffenden personenbezogenen Daten f\u00fcr einen spezifischen Zweck oder mehrere bestimmte Zwecke gegeben.<\/li>\n<li><strong>Vertragserf\u00fcllung und vorvertragliche Anfragen (Art. 6 Abs. 1 S. 1 lit. b) DSGVO)<\/strong><span>\u00a0<\/span>\u2013 Die Verarbeitung ist f\u00fcr die Erf\u00fcllung eines Vertrags, dessen Vertragspartei die betroffene Person ist, oder zur Durchf\u00fchrung vorvertraglicher Ma\u00dfnahmen erforderlich, die auf Anfrage der betroffenen Person erfolgen.<\/li>\n<li><strong>Berechtigte Interessen (Art. 6 Abs. 1 S. 1 lit. f) DSGVO)<\/strong><span>\u00a0<\/span>\u2013 die Verarbeitung ist zur Wahrung der berechtigten Interessen des Verantwortlichen oder eines Dritten notwendig, vorausgesetzt, dass die Interessen, Grundrechte und Grundfreiheiten der betroffenen Person, die den Schutz personenbezogener Daten verlangen, nicht \u00fcberwiegen.<\/li>\n<\/ul>\n<p><strong>Nationale Datenschutzregelungen in Deutschland:<span>\u00a0<\/span><\/strong>Zus\u00e4tzlich zu den Datenschutzregelungen der DSGVO gelten nationale Regelungen zum Datenschutz in Deutschland. Hierzu geh\u00f6rt insbesondere das Gesetz zum Schutz vor Missbrauch personenbezogener Daten bei der Datenverarbeitung (Bundesdatenschutzgesetz \u2013 BDSG). Das BDSG enth\u00e4lt insbesondere Spezialregelungen zum Recht auf Auskunft, zum Recht auf L\u00f6schung, zum Widerspruchsrecht, zur Verarbeitung besonderer Kategorien personenbezogener Daten, zur Verarbeitung f\u00fcr andere Zwecke und zur \u00dcbermittlung sowie automatisierten Entscheidungsfindung im Einzelfall einschlie\u00dflich Profiling. Ferner k\u00f6nnen Landesdatenschutzgesetze der einzelnen Bundesl\u00e4nder zur Anwendung gelangen.<\/p>\n<p><strong>Hinweis auf Geltung DSGVO und Schweizer DSG:<span>\u00a0<\/span><\/strong>Diese Datenschutzhinweise dienen sowohl der Informationserteilung nach dem Schweizer DSG als auch nach der Datenschutzgrundverordnung (DSGVO). Aus diesem Grund bitten wir Sie zu beachten, dass aufgrund der breiteren r\u00e4umlichen Anwendung und Verst\u00e4ndlichkeit die Begriffe der DSGVO verwendet werden. Insbesondere statt der im Schweizer DSG verwendeten Begriffe \u201eBearbeitung\u201c von \u201ePersonendaten\u201c, \u201e\u00fcberwiegendes Interesse\u201c und \u201ebesonders sch\u00fctzenswerte Personendaten\u201c werden die in der DSGVO verwendeten Begriffe \u201eVerarbeitung\u201c von \u201epersonenbezogenen Daten\u201c sowie \u201eberechtigtes Interesse\u201c und \u201ebesondere Kategorien von Daten\u201c verwendet. Die gesetzliche Bedeutung der Begriffe wird jedoch im Rahmen der Geltung des Schweizer DSG weiterhin nach dem Schweizer DSG bestimmt.<\/p>\n<h2 id=\"m27\">Sicherheitsma\u00dfnahmen<\/h2>\n<p>Wir treffen nach Ma\u00dfgabe der gesetzlichen Vorgaben unter Ber\u00fccksichtigung des Stands der Technik, der Implementierungskosten und der Art, des Umfangs, der Umst\u00e4nde und der Zwecke der Verarbeitung sowie der unterschiedlichen Eintrittswahrscheinlichkeiten und des Ausma\u00dfes der Bedrohung der Rechte und Freiheiten nat\u00fcrlicher Personen geeignete technische und organisatorische Ma\u00dfnahmen, um ein dem Risiko angemessenes Schutzniveau zu gew\u00e4hrleisten.<\/p>\n<p>Zu den Ma\u00dfnahmen geh\u00f6ren insbesondere die Sicherung der Vertraulichkeit, Integrit\u00e4t und Verf\u00fcgbarkeit von Daten durch Kontrolle des physischen und elektronischen Zugangs zu den Daten als auch des sie betreffenden Zugriffs, der Eingabe, der Weitergabe, der Sicherung der Verf\u00fcgbarkeit und ihrer Trennung. Des Weiteren haben wir Verfahren eingerichtet, die eine Wahrnehmung von Betroffenenrechten, die L\u00f6schung von Daten und Reaktionen auf die Gef\u00e4hrdung der Daten gew\u00e4hrleisten. Ferner ber\u00fccksichtigen wir den Schutz personenbezogener Daten bereits bei der Entwicklung bzw. Auswahl von Hardware, Software sowie Verfahren entsprechend dem Prinzip des Datenschutzes, durch Technikgestaltung und durch datenschutzfreundliche Voreinstellungen.<\/p>\n<p>Sicherung von Online-Verbindungen durch TLS-\/SSL-Verschl\u00fcsselungstechnologie (HTTPS): Um die Daten der Nutzer, die \u00fcber unsere Online-Dienste \u00fcbertragen werden, vor unerlaubten Zugriffen zu sch\u00fctzen, setzen wir auf die TLS-\/SSL-Verschl\u00fcsselungstechnologie. Secure Sockets Layer (SSL) und Transport Layer Security (TLS) sind die Eckpfeiler der sicheren Daten\u00fcbertragung im Internet. Diese Technologien verschl\u00fcsseln die Informationen, die zwischen der Website oder App und dem Browser des Nutzers (oder zwischen zwei Servern) \u00fcbertragen werden, wodurch die Daten vor unbefugtem Zugriff gesch\u00fctzt sind. TLS, als die weiterentwickelte und sicherere Version von SSL, gew\u00e4hrleistet, dass alle Daten\u00fcbertragungen den h\u00f6chsten Sicherheitsstandards entsprechen. Wenn eine Website durch ein SSL-\/TLS-Zertifikat gesichert ist, wird dies durch die Anzeige von HTTPS in der URL signalisiert. Dies dient als ein Indikator f\u00fcr die Nutzer, dass ihre Daten sicher und verschl\u00fcsselt \u00fcbertragen werden.<\/p>\n<h2 id=\"m12\">Allgemeine Informationen zur Datenspeicherung und L\u00f6schung<\/h2>\n<p>Wir l\u00f6schen personenbezogene Daten, die wir verarbeiten, gem\u00e4\u00df den gesetzlichen Bestimmungen, sobald die zugrundeliegenden Einwilligungen widerrufen werden oder keine weiteren rechtlichen Grundlagen f\u00fcr die Verarbeitung bestehen. Dies betrifft F\u00e4lle, in denen der urspr\u00fcngliche Verarbeitungszweck entf\u00e4llt oder die Daten nicht mehr ben\u00f6tigt werden. Ausnahmen von dieser Regelung bestehen, wenn gesetzliche Pflichten oder besondere Interessen eine l\u00e4ngere Aufbewahrung oder Archivierung der Daten erfordern.<\/p>\n<p>Insbesondere m\u00fcssen Daten, die aus handels- oder steuerrechtlichen Gr\u00fcnden aufbewahrt werden m\u00fcssen oder deren Speicherung notwendig ist zur Rechtsverfolgung oder zum Schutz der Rechte anderer nat\u00fcrlicher oder juristischer Personen, entsprechend archiviert werden.<\/p>\n<p>Unsere Datenschutzhinweise enthalten zus\u00e4tzliche Informationen zur Aufbewahrung und L\u00f6schung von Daten, die speziell f\u00fcr bestimmte Verarbeitungsprozesse gelten.<\/p>\n<p>Bei mehreren Angaben zur Aufbewahrungsdauer oder L\u00f6schungsfristen eines Datums, ist stets die l\u00e4ngste Frist ma\u00dfgeblich.<\/p>\n<p>Beginnt eine Frist nicht ausdr\u00fccklich zu einem bestimmten Datum und betr\u00e4gt sie mindestens ein Jahr, so startet sie automatisch am Ende des Kalenderjahres, in dem das fristausl\u00f6sende Ereignis eingetreten ist. Im Fall laufender Vertragsverh\u00e4ltnisse, in deren Rahmen Daten gespeichert werden, ist das fristausl\u00f6sende Ereignis der Zeitpunkt des Wirksamwerdens der K\u00fcndigung oder sonstige Beendigung des Rechtsverh\u00e4ltnisses.<\/p>\n<p>Daten, die nicht mehr f\u00fcr den urspr\u00fcnglich vorgesehenen Zweck, sondern aufgrund gesetzlicher Vorgaben oder anderer Gr\u00fcnde aufbewahrt werden, verarbeiten wir ausschlie\u00dflich zu den Gr\u00fcnden, die ihre Aufbewahrung rechtfertigen.<\/p>\n<p><strong>Weitere Hinweise zu Verarbeitungsprozessen, Verfahren und Diensten:<\/strong><\/p>\n<ul class=\"m-elements\">\n<li><strong>Aufbewahrung und L\u00f6schung von Daten:<span>\u00a0<\/span><\/strong>Die folgenden allgemeinen Fristen gelten f\u00fcr die Aufbewahrung und Archivierung nach deutschem Recht:\n<ul>\n<li>10 Jahre \u2013 Aufbewahrungsfrist f\u00fcr B\u00fccher und Aufzeichnungen, Jahresabschl\u00fcsse, Inventare, Lageberichte, Er\u00f6ffnungsbilanz sowie die zu ihrem Verst\u00e4ndnis erforderlichen Arbeitsanweisungen und sonstigen Organisationsunterlagen (\u00a7 147 Abs. 1 Nr. 1 i.V.m. Abs. 3 AO, \u00a7 14b Abs. 1 UStG, \u00a7 257 Abs. 1 Nr. 1 i.V.m. Abs. 4 HGB).<\/li>\n<li>8 Jahre \u2013 Buchungsbelege, wie z.\u00a0B. Rechnungen und Kostenbelege (\u00a7 147 Abs. 1 Nr. 4 und 4a i.V.m. Abs. 3 Satz 1 AO sowie \u00a7 257 Abs. 1 Nr. 4 i.V.m. Abs. 4 HGB).<\/li>\n<li>6 Jahre \u2013 \u00dcbrige Gesch\u00e4ftsunterlagen: empfangene Handels- oder Gesch\u00e4ftsbriefe, Wiedergaben der abgesandten Handels- oder Gesch\u00e4ftsbriefe, sonstige Unterlagen, soweit sie f\u00fcr die Besteuerung von Bedeutung sind, z.\u00a0B. Stundenlohnzettel, Betriebsabrechnungsb\u00f6gen, Kalkulationsunterlagen, Preisauszeichnungen, aber auch Lohnabrechnungsunterlagen, soweit sie nicht bereits Buchungsbelege sind und Kassenstreifen (\u00a7 147 Abs. 1 Nr. 2, 3, 5 i.V.m. Abs. 3 AO, \u00a7 257 Abs. 1 Nr. 2 u. 3 i.V.m. Abs. 4 HGB).<\/li>\n<li>3 Jahre \u2013 Daten, die erforderlich sind, um potenzielle Gew\u00e4hrleistungs- und Schadensersatzanspr\u00fcche oder \u00e4hnliche vertragliche Anspr\u00fcche und Rechte zu ber\u00fccksichtigen sowie damit verbundene Anfragen zu bearbeiten, basierend auf fr\u00fcheren Gesch\u00e4ftserfahrungen und \u00fcblichen Branchenpraktiken, werden f\u00fcr die Dauer der regul\u00e4ren gesetzlichen Verj\u00e4hrungsfrist von drei Jahren gespeichert (\u00a7\u00a7 195, 199 BGB).<\/li>\n<\/ul>\n<\/li>\n<\/ul>\n<h2 id=\"m10\">Rechte der betroffenen Personen<\/h2>\n<p>Rechte der betroffenen Personen aus der DSGVO: Ihnen stehen als Betroffene nach der DSGVO verschiedene Rechte zu, die sich insbesondere aus Art. 15 bis 21 DSGVO ergeben:<\/p>\n<ul>\n<li><strong>Widerspruchsrecht: Sie haben das Recht, aus Gr\u00fcnden, die sich aus Ihrer besonderen Situation ergeben, jederzeit gegen die Verarbeitung der Sie betreffenden personenbezogenen Daten, die aufgrund von Art. 6 Abs. 1 lit. e oder f DSGVO erfolgt, Widerspruch einzulegen; dies gilt auch f\u00fcr ein auf diese Bestimmungen gest\u00fctztes Profiling. Werden die Sie betreffenden personenbezogenen Daten verarbeitet, um Direktwerbung zu betreiben, haben Sie das Recht, jederzeit Widerspruch gegen die Verarbeitung der Sie betreffenden personenbezogenen Daten zum Zwecke derartiger Werbung einzulegen; dies gilt auch f\u00fcr das Profiling, soweit es mit solcher Direktwerbung in Verbindung steht.<\/strong><\/li>\n<li><strong>Widerrufsrecht bei Einwilligungen:<\/strong><span>\u00a0<\/span>Sie haben das Recht, erteilte Einwilligungen jederzeit zu widerrufen.<\/li>\n<li><strong>Auskunftsrecht:<\/strong><span>\u00a0<\/span>Sie haben das Recht, eine Best\u00e4tigung dar\u00fcber zu verlangen, ob betreffende Daten verarbeitet werden und auf Auskunft \u00fcber diese Daten sowie auf weitere Informationen und Kopie der Daten entsprechend den gesetzlichen Vorgaben.<\/li>\n<li><strong>Recht auf Berichtigung:<\/strong><span>\u00a0<\/span>Sie haben entsprechend den gesetzlichen Vorgaben das Recht, die Vervollst\u00e4ndigung der Sie betreffenden Daten oder die Berichtigung der Sie betreffenden unrichtigen Daten zu verlangen.<\/li>\n<li><strong>Recht auf L\u00f6schung und Einschr\u00e4nkung der Verarbeitung:<\/strong><span>\u00a0<\/span>Sie haben nach Ma\u00dfgabe der gesetzlichen Vorgaben das Recht, zu verlangen, dass Sie betreffende Daten unverz\u00fcglich gel\u00f6scht werden, bzw. alternativ nach Ma\u00dfgabe der gesetzlichen Vorgaben eine Einschr\u00e4nkung der Verarbeitung der Daten zu verlangen.<\/li>\n<li><strong>Recht auf Daten\u00fcbertragbarkeit:<\/strong><span>\u00a0<\/span>Sie haben das Recht, Sie betreffende Daten, die Sie uns bereitgestellt haben, nach Ma\u00dfgabe der gesetzlichen Vorgaben in einem strukturierten, g\u00e4ngigen und maschinenlesbaren Format zu erhalten oder deren \u00dcbermittlung an einen anderen Verantwortlichen zu fordern.<\/li>\n<li><strong>Beschwerde bei Aufsichtsbeh\u00f6rde:<\/strong><span>\u00a0<\/span>Entsprechend den gesetzlichen Vorgaben und unbeschadet eines anderweitigen verwaltungsrechtlichen oder gerichtlichen Rechtsbehelfs, haben Sie ferner das Recht, bei einer Datenschutzaufsichtsbeh\u00f6rde, insbesondere einer Aufsichtsbeh\u00f6rde im Mitgliedstaat, in dem Sie sich gew\u00f6hnlich aufhalten, der Aufsichtsbeh\u00f6rde Ihres Arbeitsplatzes oder des Ortes des mutma\u00dflichen Versto\u00dfes, eine Beschwerde einzulegen, wenn Sie der Ansicht sei sollten, dass die Verarbeitung der Ihre Person betreffenden personenbezogenen Daten gegen die DSGVO verst\u00f6\u00dft.<\/li>\n<\/ul>\n<h2 id=\"m134\">Einsatz von Cookies<\/h2>\n<p>Unter dem Begriff \u201eCookies\u201c werden Funktionen, die Informationen auf Endger\u00e4ten der Nutzer speichern und aus ihnen auslesen, verstanden. Cookies k\u00f6nnen ferner in Bezug auf unterschiedliche Anliegen Einsatz finden, etwa zu Zwecken der Funktionsf\u00e4higkeit, der Sicherheit und des Komforts von Onlineangeboten sowie der Erstellung von Analysen der Besucherstr\u00f6me. Wir verwenden Cookies gem\u00e4\u00df den gesetzlichen Vorschriften. Dazu holen wir, wenn erforderlich, vorab die Zustimmung der Nutzer ein. Ist eine Zustimmung nicht notwendig, setzen wir auf unsere berechtigten Interessen. Dies gilt, wenn das Speichern und Auslesen von Informationen unerl\u00e4sslich ist, um ausdr\u00fccklich angeforderte Inhalte und Funktionen bereitstellen zu k\u00f6nnen. Dazu z\u00e4hlen etwa die Speicherung von Einstellungen sowie die Sicherstellung der Funktionalit\u00e4t und Sicherheit unseres Onlineangebots. Die Einwilligung kann jederzeit widerrufen werden. Wir informieren klar \u00fcber deren Umfang und welche Cookies genutzt werden.<\/p>\n<p><strong>Hinweise zu datenschutzrechtlichen Rechtsgrundlagen:<span>\u00a0<\/span><\/strong>Ob wir personenbezogene Daten mithilfe von Cookies verarbeiten, h\u00e4ngt von einer Einwilligung ab. Liegt eine Einwilligung vor, dient sie als Rechtsgrundlage. Ohne Einwilligung st\u00fctzen wir uns auf unsere berechtigten Interessen, die vorstehend in diesem Abschnitt und im Kontext der jeweiligen Dienste und Verfahren erl\u00e4utert sind.<\/p>\n<p><strong>Speicherdauer:\u00a0<\/strong>Im Hinblick auf die Speicherdauer werden die folgenden Arten von Cookies unterschieden:<\/p>\n<ul>\n<li><strong>Tempor\u00e4re Cookies (auch: Session- oder Sitzungscookies):<\/strong><span>\u00a0<\/span>Tempor\u00e4re Cookies werden sp\u00e4testens gel\u00f6scht, nachdem ein Nutzer ein Onlineangebot verlassen und sein Endger\u00e4t (z.\u00a0B. Browser oder mobile Applikation) geschlossen hat.<\/li>\n<li><strong>Permanente Cookies:<\/strong><span>\u00a0<\/span>Permanente Cookies bleiben auch nach dem Schlie\u00dfen des Endger\u00e4ts gespeichert. So k\u00f6nnen beispielsweise der Log-in-Status gespeichert und bevorzugte Inhalte direkt angezeigt werden, wenn der Nutzer eine Website erneut besucht. Ebenso k\u00f6nnen die mithilfe von Cookies erhobenen Nutzerdaten zur Reichweitenmessung Verwendung finden. Sofern wir Nutzern keine expliziten Angaben zur Art und Speicherdauer von Cookies mitteilen (z.\u00a0B. im Rahmen der Einholung der Einwilligung), sollten sie davon ausgehen, dass diese permanent sind und die Speicherdauer bis zu zwei Jahre betragen kann.<\/li>\n<\/ul>\n<p><strong>Allgemeine Hinweise zum Widerruf und Widerspruch (Opt-out):\u00a0<\/strong>Nutzer k\u00f6nnen die von ihnen abgegebenen Einwilligungen jederzeit widerrufen und zudem einen Widerspruch gegen die Verarbeitung entsprechend den gesetzlichen Vorgaben, auch mittels der Privatsph\u00e4re-Einstellungen ihres Browsers, erkl\u00e4ren.<\/p>\n<ul class=\"m-elements\">\n<li><strong>Verarbeitete Datenarten:<\/strong><span>\u00a0<\/span>Meta-, Kommunikations- und Verfahrensdaten (z. B. IP-Adressen, Zeitangaben, Identifikationsnummern, beteiligte Personen).<\/li>\n<li><strong>Betroffene Personen:<\/strong><span>\u00a0<\/span>Nutzer (z.\u00a0B. Webseitenbesucher, Nutzer von Onlinediensten).<\/li>\n<li class=\"\"><strong>Rechtsgrundlagen:<\/strong><span>\u00a0<\/span>Berechtigte Interessen (Art. 6 Abs. 1 S. 1 lit. f) DSGVO). Einwilligung (Art. 6 Abs. 1 S. 1 lit. a) DSGVO).<\/li>\n<\/ul>\n<p><strong>Weitere Hinweise zu Verarbeitungsprozessen, Verfahren und Diensten:<\/strong><\/p>\n<ul class=\"m-elements\">\n<li><strong>Verarbeitung von Cookie-Daten auf Grundlage einer Einwilligung:<span>\u00a0<\/span><\/strong>Wir setzen eine Einwilligungs-Management-L\u00f6sung ein, bei der die Einwilligung der Nutzer zur Verwendung von Cookies oder zu den im Rahmen der Einwilligungs-Management-L\u00f6sung genannten Verfahren und Anbietern eingeholt wird. Dieses Verfahren dient der Einholung, Protokollierung, Verwaltung und dem Widerruf von Einwilligungen, insbesondere bezogen auf den Einsatz von Cookies und vergleichbaren Technologien, die zur Speicherung, zum Auslesen und zur Verarbeitung von Informationen auf den Endger\u00e4ten der Nutzer eingesetzt werden. Im Rahmen dieses Verfahrens werden die Einwilligungen der Nutzer f\u00fcr die Nutzung von Cookies und die damit verbundenen Verarbeitungen von Informationen, einschlie\u00dflich der im Einwilligungs-Management-Verfahren genannten spezifischen Verarbeitungen und Anbieter, eingeholt. Die Nutzer haben zudem die M\u00f6glichkeit, ihre Einwilligungen zu verwalten und zu widerrufen. Die Einwilligungserkl\u00e4rungen werden gespeichert, um eine erneute Abfrage zu vermeiden und den Nachweis der Einwilligung gem\u00e4\u00df der gesetzlichen Anforderungen f\u00fchren zu k\u00f6nnen. Die Speicherung erfolgt serverseitig und\/oder in einem Cookie (sogenanntes Opt-In-Cookie) oder mittels vergleichbarer Technologien, um die Einwilligung einem spezifischen Nutzer oder dessen Ger\u00e4t zuordnen zu k\u00f6nnen. Sofern keine spezifischen Angaben zu den Anbietern von Einwilligungs-Management-Diensten vorliegen, gelten folgende allgemeine Hinweise: Die Dauer der Speicherung der Einwilligung betr\u00e4gt bis zu zwei Jahre. Dabei wird ein pseudonymer Nutzer-Identifikator erstellt, der zusammen mit dem Zeitpunkt der Einwilligung, den Angaben zum Umfang der Einwilligung (z.\u00a0B. betreffende Kategorien von Cookies und\/oder Diensteanbieter) sowie Informationen \u00fcber den Browser, das System und das verwendete Endger\u00e4t gespeichert wird;<span>\u00a0<\/span><span class=\"\"><strong>Rechtsgrundlagen:<\/strong><span>\u00a0<\/span>Einwilligung (Art. 6 Abs. 1 S. 1 lit. a) DSGVO).<\/span><\/li>\n<\/ul>\n<h2 id=\"m182\">Kontakt- und Anfrageverwaltung<\/h2>\n<p>Bei der Kontaktaufnahme mit uns (z.\u00a0B. per Post, Kontaktformular, E-Mail, Telefon oder via soziale Medien) sowie im Rahmen bestehender Nutzer- und Gesch\u00e4ftsbeziehungen werden die Angaben der anfragenden Personen verarbeitet, soweit dies zur Beantwortung der Kontaktanfragen und etwaiger angefragter Ma\u00dfnahmen erforderlich ist.<\/p>\n<ul class=\"m-elements\">\n<li><strong>Verarbeitete Datenarten:<\/strong><span>\u00a0<\/span>Bestandsdaten (z.\u00a0B. der vollst\u00e4ndige Name, Wohnadresse, Kontaktinformationen, Kundennummer, etc.); Kontaktdaten (z.\u00a0B. Post- und E-Mail-Adressen oder Telefonnummern); Inhaltsdaten (z. B. textliche oder bildliche Nachrichten und Beitr\u00e4ge sowie die sie betreffenden Informationen, wie z. B. Angaben zur Autorenschaft oder Zeitpunkt der Erstellung); Nutzungsdaten (z. B. Seitenaufrufe und Verweildauer, Klickpfade, Nutzungsintensit\u00e4t und -frequenz, verwendete Ger\u00e4tetypen und Betriebssysteme, Interaktionen mit Inhalten und Funktionen). Meta-, Kommunikations- und Verfahrensdaten (z. B. IP-Adressen, Zeitangaben, Identifikationsnummern, beteiligte Personen).<\/li>\n<li><strong>Betroffene Personen:<\/strong><span>\u00a0<\/span>Kommunikationspartner.<\/li>\n<li><strong>Zwecke der Verarbeitung:<\/strong><span>\u00a0<\/span>Kommunikation; Organisations- und Verwaltungsverfahren; Feedback (z.\u00a0B. Sammeln von Feedback via Online-Formular). Bereitstellung unseres Onlineangebotes und Nutzerfreundlichkeit.<\/li>\n<li><strong>Aufbewahrung und L\u00f6schung:<\/strong><span>\u00a0<\/span>L\u00f6schung entsprechend Angaben im Abschnitt \u201eAllgemeine Informationen zur Datenspeicherung und L\u00f6schung\u201c.<\/li>\n<li class=\"\"><strong>Rechtsgrundlagen:<\/strong><span>\u00a0<\/span>Berechtigte Interessen (Art. 6 Abs. 1 S. 1 lit. f) DSGVO). Vertragserf\u00fcllung und vorvertragliche Anfragen (Art. 6 Abs. 1 S. 1 lit. b) DSGVO).<\/li>\n<\/ul>\n<p><strong>Weitere Hinweise zu Verarbeitungsprozessen, Verfahren und Diensten:<\/strong><\/p>\n<ul class=\"m-elements\">\n<li><strong>Kontaktformular:<span>\u00a0<\/span><\/strong>Bei Kontaktaufnahme \u00fcber unser Kontaktformular, per E-Mail oder anderen Kommunikationswegen, verarbeiten wir die uns \u00fcbermittelten personenbezogenen Daten zur Beantwortung und Bearbeitung des jeweiligen Anliegens. Dies umfasst in der Regel Angaben wie Name, Kontaktinformationen und gegebenenfalls weitere Informationen, die uns mitgeteilt werden und zur angemessenen Bearbeitung erforderlich sind. Wir nutzen diese Daten ausschlie\u00dflich f\u00fcr den angegebenen Zweck der Kontaktaufnahme und Kommunikation;<span>\u00a0<\/span><span class=\"\"><strong>Rechtsgrundlagen:<\/strong><span>\u00a0<\/span>Vertragserf\u00fcllung und vorvertragliche Anfragen (Art. 6 Abs. 1 S. 1 lit. b) DSGVO), Berechtigte Interessen (Art. 6 Abs. 1 S. 1 lit. f) DSGVO).<\/span><\/li>\n<\/ul>\n<h2 id=\"m136\">Pr\u00e4senzen in sozialen Netzwerken (Social Media)<\/h2>\n<p>Wir unterhalten Onlinepr\u00e4senzen innerhalb sozialer Netzwerke und verarbeiten in diesem Rahmen Nutzerdaten, um mit den dort aktiven Nutzern zu kommunizieren oder Informationen \u00fcber uns anzubieten.<\/p>\n<p>Wir weisen darauf hin, dass dabei Nutzerdaten au\u00dferhalb des Raumes der Europ\u00e4ischen Union verarbeitet werden k\u00f6nnen. Hierdurch k\u00f6nnen sich f\u00fcr die Nutzer Risiken ergeben, weil so zum Beispiel die Durchsetzung der Nutzerrechte erschwert werden k\u00f6nnte.<\/p>\n<p>Ferner werden die Daten der Nutzer innerhalb sozialer Netzwerke im Regelfall f\u00fcr Marktforschungs- und Werbezwecke verarbeitet. So k\u00f6nnen beispielsweise anhand des Nutzungsverhaltens und sich daraus ergebender Interessen der Nutzer Nutzungsprofile erstellt werden. Letztere finden m\u00f6glicherweise wiederum Verwendung, um etwa Werbeanzeigen innerhalb und au\u00dferhalb der Netzwerke zu schalten, die mutma\u00dflich den Interessen der Nutzer entsprechen. Daher werden im Regelfall Cookies auf den Rechnern der Nutzer gespeichert, in denen das Nutzungsverhalten und die Interessen der Nutzer gespeichert werden. Zudem k\u00f6nnen in den Nutzungsprofilen auch Daten unabh\u00e4ngig der von den Nutzern verwendeten Ger\u00e4ten gespeichert werden (insbesondere, wenn sie Mitglieder der jeweiligen Plattformen und dort eingeloggt sind).<\/p>\n<p>F\u00fcr eine detaillierte Darstellung der jeweiligen Verarbeitungsformen und der Widerspruchsm\u00f6glichkeiten (Opt-out) verweisen wir auf die Datenschutzerkl\u00e4rungen und Angaben der Betreiber der jeweiligen Netzwerke.<\/p>\n<p>Auch im Fall von Auskunftsanfragen und der Geltendmachung von Betroffenenrechten weisen wir darauf hin, dass diese am effektivsten bei den Anbietern geltend gemacht werden k\u00f6nnen. Nur Letztere haben jeweils Zugriff auf die Nutzerdaten und k\u00f6nnen direkt entsprechende Ma\u00dfnahmen ergreifen und Ausk\u00fcnfte geben. Sollten Sie dennoch Hilfe ben\u00f6tigen, dann k\u00f6nnen Sie sich an uns wenden.<\/p>\n<ul class=\"m-elements\">\n<li><strong>Verarbeitete Datenarten:<\/strong><span>\u00a0<\/span>Kontaktdaten (z.\u00a0B. Post- und E-Mail-Adressen oder Telefonnummern); Inhaltsdaten (z. B. textliche oder bildliche Nachrichten und Beitr\u00e4ge sowie die sie betreffenden Informationen, wie z. B. Angaben zur Autorenschaft oder Zeitpunkt der Erstellung). Nutzungsdaten (z. B. Seitenaufrufe und Verweildauer, Klickpfade, Nutzungsintensit\u00e4t und -frequenz, verwendete Ger\u00e4tetypen und Betriebssysteme, Interaktionen mit Inhalten und Funktionen).<\/li>\n<li><strong>Betroffene Personen:<\/strong><span>\u00a0<\/span>Nutzer (z.\u00a0B. Webseitenbesucher, Nutzer von Onlinediensten).<\/li>\n<li><strong>Zwecke der Verarbeitung:<\/strong><span>\u00a0<\/span>Kommunikation; Feedback (z.\u00a0B. Sammeln von Feedback via Online-Formular). \u00d6ffentlichkeitsarbeit.<\/li>\n<li><strong>Aufbewahrung und L\u00f6schung:<\/strong><span>\u00a0<\/span>L\u00f6schung entsprechend Angaben im Abschnitt \u201eAllgemeine Informationen zur Datenspeicherung und L\u00f6schung\u201c.<\/li>\n<li class=\"\"><strong>Rechtsgrundlagen:<\/strong><span>\u00a0<\/span>Berechtigte Interessen (Art. 6 Abs. 1 S. 1 lit. f) DSGVO).<\/li>\n<\/ul>\n<p><strong>Weitere Hinweise zu Verarbeitungsprozessen, Verfahren und Diensten:<\/strong><\/p>\n<ul class=\"m-elements\">\n<li><strong>LinkedIn:<span>\u00a0<\/span><\/strong>Soziales Netzwerk \u2013 Wir sind gemeinsam mit LinkedIn Irland Unlimited Company f\u00fcr die Erhebung (jedoch nicht die weitere Verarbeitung) von Daten der Besucher verantwortlich, die zur Erstellung der \u201ePage-Insights\u201c (Statistiken) unserer LinkedIn-Profile genutzt werden. Zu diesen Daten geh\u00f6ren Informationen \u00fcber die Arten von Inhalten, die Nutzer sich ansehen oder mit denen sie interagieren, sowie die von ihnen vorgenommenen Handlungen. Au\u00dferdem werden Details \u00fcber die genutzten Ger\u00e4te erfasst, wie z.\u00a0B. IP-Adressen, Betriebssystem, Browsertyp, Spracheinstellungen und Cookie-Daten, sowie Angaben aus den Nutzerprofilen, wie Berufsfunktion, Land, Branche, Hierarchieebene, Unternehmensgr\u00f6\u00dfe und Besch\u00e4ftigungsstatus. Datenschutzinformationen zur Verarbeitung von Nutzerdaten durch LinkedIn k\u00f6nnen den Datenschutzhinweisen von LinkedIn entnommen werden:<span>\u00a0<\/span><a href=\"https:\/\/www.linkedin.com\/legal\/privacy-policy\" target=\"_blank\" rel=\"noopener\">https:\/\/www.linkedin.com\/legal\/privacy-policy.<\/a><br \/>Wir haben mit LinkedIn Irland eine spezielle Vereinbarung geschlossen (\u201ePage Insights Joint Controller Addendum\u201c,<span>\u00a0<\/span><a href=\"https:\/\/legal.linkedin.com\/pages-joint-controller-addendum\" target=\"_blank\" rel=\"noopener\">https:\/\/legal.linkedin.com\/pages-joint-controller-addendum<\/a>), in der insbesondere geregelt wird, welche Sicherheitsma\u00dfnahmen LinkedIn beachten muss und in der LinkedIn sich bereit erkl\u00e4rt hat, die Rechte der Betroffenen zu erf\u00fcllen (d. h. Nutzer k\u00f6nnen z.\u00a0B. Auskunfts- oder L\u00f6schungsanfragen direkt an LinkedIn richten). Die Rechte der Nutzer (insbesondere das Recht auf Auskunft, L\u00f6schung, Widerspruch und Beschwerde bei der zust\u00e4ndigen Aufsichtsbeh\u00f6rde) werden durch die Vereinbarungen mit LinkedIn nicht eingeschr\u00e4nkt. Die gemeinsame Verantwortlichkeit beschr\u00e4nkt sich auf die Erhebung und \u00dcbermittlung der Daten an LinkedIn Irland Unlimited Company, ein Unternehmen mit Sitz in der EU. Die weitere Verarbeitung der Daten obliegt ausschlie\u00dflich LinkedIn Irland Unlimited Company, insbesondere was die \u00dcbermittlung der Daten an die Muttergesellschaft LinkedIn Corporation in den USA betrifft;<span>\u00a0<\/span><strong>Dienstanbieter:<\/strong><span>\u00a0<\/span>LinkedIn Ireland Unlimited Company, Wilton Place, Dublin 2, Irland;<span>\u00a0<\/span><span class=\"\"><strong>Rechtsgrundlagen:<\/strong><span>\u00a0<\/span>Berechtigte Interessen (Art. 6 Abs. 1 S. 1 lit. f) DSGVO);<span>\u00a0<\/span><\/span><strong>Website:<\/strong><span>\u00a0<\/span><a href=\"https:\/\/www.linkedin.com\/\" target=\"_blank\" rel=\"noopener\">https:\/\/www.linkedin.com<\/a>;<span>\u00a0<\/span><strong>Datenschutzerkl\u00e4rung:<\/strong><span>\u00a0<\/span><a href=\"https:\/\/www.linkedin.com\/legal\/privacy-policy\" target=\"_blank\" rel=\"noopener\">https:\/\/www.linkedin.com\/legal\/privacy-policy<\/a>;<span>\u00a0<\/span><strong>Grundlage Drittlandtransfers:<\/strong><span>\u00a0<\/span>Data Privacy Framework (DPF), Standardvertragsklauseln (<a href=\"https:\/\/legal.linkedin.com\/dpa\" target=\"_blank\" rel=\"noopener\">https:\/\/legal.linkedin.com\/dpa<\/a>), Data Privacy Framework (DPF)Standardvertragsklauseln (<a href=\"https:\/\/legal.linkedin.com\/dpa\" target=\"_blank\" rel=\"noopener\">https:\/\/legal.linkedin.com\/dpa<\/a>).<span>\u00a0<\/span><strong>Widerspruchsm\u00f6glichkeit (Opt-Out):<\/strong><span>\u00a0<\/span><a href=\"https:\/\/www.linkedin.com\/psettings\/guest-controls\/retargeting-opt-out\" target=\"_blank\" rel=\"noopener\">https:\/\/www.linkedin.com\/psettings\/guest-controls\/retargeting-opt-out<\/a>.<\/li>\n<\/ul>\n<h2 id=\"m15\">\u00c4nderung und Aktualisierung<\/h2>\n<p>Wir bitten Sie, sich regelm\u00e4\u00dfig \u00fcber den Inhalt unserer Datenschutzerkl\u00e4rung zu informieren. Wir passen die Datenschutzerkl\u00e4rung an, sobald die \u00c4nderungen der von uns durchgef\u00fchrten Datenverarbeitungen dies erforderlich machen. Wir informieren Sie, sobald durch die \u00c4nderungen eine Mitwirkungshandlung Ihrerseits (z.\u00a0B. Einwilligung) oder eine sonstige individuelle Benachrichtigung erforderlich wird.<\/p>\n<p>Sofern wir in dieser Datenschutzerkl\u00e4rung Adressen und Kontaktinformationen von Unternehmen und Organisationen angeben, bitten wir zu beachten, dass die Adressen sich \u00fcber die Zeit \u00e4ndern k\u00f6nnen und bitten die Angaben vor Kontaktaufnahme zu pr\u00fcfen.<\/p>\n<h2 id=\"m42\">Begriffsdefinitionen<\/h2>\n<p>In diesem Abschnitt erhalten Sie eine \u00dcbersicht \u00fcber die in dieser Datenschutzerkl\u00e4rung verwendeten Begrifflichkeiten. Soweit die Begrifflichkeiten gesetzlich definiert sind, gelten deren gesetzliche Definitionen. Die nachfolgenden Erl\u00e4uterungen sollen dagegen vor allem dem Verst\u00e4ndnis dienen.<\/p>\n<ul class=\"glossary\">\n<li><strong>Bestandsdaten:<\/strong><span>\u00a0<\/span>Bestandsdaten umfassen wesentliche Informationen, die f\u00fcr die Identifikation und Verwaltung von Vertragspartnern, Benutzerkonten, Profilen und \u00e4hnlichen Zuordnungen notwendig sind. Diese Daten k\u00f6nnen u.a. pers\u00f6nliche und demografische Angaben wie Namen, Kontaktinformationen (Adressen, Telefonnummern, E-Mail-Adressen), Geburtsdaten und spezifische Identifikatoren (Benutzer-IDs) beinhalten. Bestandsdaten bilden die Grundlage f\u00fcr jegliche formelle Interaktion zwischen Personen und Diensten, Einrichtungen oder Systemen, indem sie eine eindeutige Zuordnung und Kommunikation erm\u00f6glichen.<\/li>\n<li><strong>Inhaltsdaten:<\/strong><span>\u00a0<\/span>Inhaltsdaten umfassen Informationen, die im Zuge der Erstellung, Bearbeitung und Ver\u00f6ffentlichung von Inhalten aller Art generiert werden. Diese Kategorie von Daten kann Texte, Bilder, Videos, Audiodateien und andere multimediale Inhalte einschlie\u00dfen, die auf verschiedenen Plattformen und Medien ver\u00f6ffentlicht werden. Inhaltsdaten sind nicht nur auf den eigentlichen Inhalt beschr\u00e4nkt, sondern beinhalten auch Metadaten, die Informationen \u00fcber den Inhalt selbst liefern, wie Tags, Beschreibungen, Autoreninformationen und Ver\u00f6ffentlichungsdaten<\/li>\n<li><strong>Kontaktdaten:<\/strong><span>\u00a0<\/span>Kontaktdaten sind essentielle Informationen, die die Kommunikation mit Personen oder Organisationen erm\u00f6glichen. Sie umfassen u.a. Telefonnummern, postalische Adressen und E-Mail-Adressen, sowie Kommunikationsmittel wie soziale Medien-Handles und Instant-Messaging-Identifikatoren.<\/li>\n<li><strong>Meta-, Kommunikations- und Verfahrensdaten:<\/strong><span>\u00a0<\/span>Meta-, Kommunikations- und Verfahrensdaten sind Kategorien, die Informationen \u00fcber die Art und Weise enthalten, wie Daten verarbeitet, \u00fcbermittelt und verwaltet werden. Meta-Daten, auch bekannt als Daten \u00fcber Daten, umfassen Informationen, die den Kontext, die Herkunft und die Struktur anderer Daten beschreiben. Sie k\u00f6nnen Angaben zur Dateigr\u00f6\u00dfe, dem Erstellungsdatum, dem Autor eines Dokuments und den \u00c4nderungshistorien beinhalten. Kommunikationsdaten erfassen den Austausch von Informationen zwischen Nutzern \u00fcber verschiedene Kan\u00e4le, wie E-Mail-Verkehr, Anrufprotokolle, Nachrichten in sozialen Netzwerken und Chat-Verl\u00e4ufe, inklusive der beteiligten Personen, Zeitstempel und \u00dcbertragungswege. Verfahrensdaten beschreiben die Prozesse und Abl\u00e4ufe innerhalb von Systemen oder Organisationen, einschlie\u00dflich Workflow-Dokumentationen, Protokolle von Transaktionen und Aktivit\u00e4ten, sowie Audit-Logs, die zur Nachverfolgung und \u00dcberpr\u00fcfung von Vorg\u00e4ngen verwendet werden.<\/li>\n<li><strong>Nutzungsdaten:<\/strong><span>\u00a0<\/span>Nutzungsdaten beziehen sich auf Informationen, die erfassen, wie Nutzer mit digitalen Produkten, Dienstleistungen oder Plattformen interagieren. Diese Daten umfassen eine breite Palette von Informationen, die aufzeigen, wie Nutzer Anwendungen nutzen, welche Funktionen sie bevorzugen, wie lange sie auf bestimmten Seiten verweilen und \u00fcber welche Pfade sie durch eine Anwendung navigieren. Nutzungsdaten k\u00f6nnen auch die H\u00e4ufigkeit der Nutzung, Zeitstempel von Aktivit\u00e4ten, IP-Adressen, Ger\u00e4teinformationen und Standortdaten einschlie\u00dfen. Sie sind besonders wertvoll f\u00fcr die Analyse des Nutzerverhaltens, die Optimierung von Benutzererfahrungen, das Personalisieren von Inhalten und das Verbessern von Produkten oder Dienstleistungen. Dar\u00fcber hinaus spielen Nutzungsdaten eine entscheidende Rolle beim Erkennen von Trends, Vorlieben und m\u00f6glichen Problembereichen innerhalb digitaler Angebote<\/li>\n<li><strong>Personenbezogene Daten:<\/strong><span>\u00a0<\/span>\u201ePersonenbezogene Daten\u201c sind alle Informationen, die sich auf eine identifizierte oder identifizierbare nat\u00fcrliche Person (im Folgenden \u201ebetroffene Person\u201c) beziehen; als identifizierbar wird eine nat\u00fcrliche Person angesehen, die direkt oder indirekt, insbesondere mittels Zuordnung zu einer Kennung wie einem Namen, zu einer Kennnummer, zu Standortdaten, zu einer Online-Kennung (z.\u00a0B. Cookie) oder zu einem oder mehreren besonderen Merkmalen identifiziert werden kann, die Ausdruck der physischen, physiologischen, genetischen, psychischen, wirtschaftlichen, kulturellen oder sozialen Identit\u00e4t dieser nat\u00fcrlichen Person sind.<\/li>\n<li><strong>Verantwortlicher:<\/strong><span>\u00a0<\/span>Als \u201eVerantwortlicher\u201c wird die nat\u00fcrliche oder juristische Person, Beh\u00f6rde, Einrichtung oder andere Stelle, die allein oder gemeinsam mit anderen \u00fcber die Zwecke und Mittel der Verarbeitung von personenbezogenen Daten entscheidet, bezeichnet.<\/li>\n<li><strong>Verarbeitung:<\/strong><span>\u00a0<\/span>\u201eVerarbeitung\u201c ist jeder mit oder ohne Hilfe automatisierter Verfahren ausgef\u00fchrte Vorgang oder jede solche Vorgangsreihe im Zusammenhang mit personenbezogenen Daten. Der Begriff reicht weit und umfasst praktisch jeden Umgang mit Daten, sei es das Erheben, das Auswerten, das Speichern, das \u00dcbermitteln oder das L\u00f6schen.<\/li>\n<\/ul>\n<p>[\/et_pb_text][\/et_pb_column][\/et_pb_row][\/et_pb_section]<\/p>","protected":false},"excerpt":{"rendered":"<p>Datenschutzerkl\u00e4rung Pr\u00e4ambel Mit der folgenden Datenschutzerkl\u00e4rung m\u00f6chten wir Sie dar\u00fcber aufkl\u00e4ren, welche Arten Ihrer personenbezogenen Daten (nachfolgend auch kurz als \u201eDaten\u201c bezeichnet) wir zu welchen Zwecken und in welchem Umfang verarbeiten. Die Datenschutzerkl\u00e4rung gilt f\u00fcr alle von uns durchgef\u00fchrten Verarbeitungen personenbezogener Daten, sowohl im Rahmen der Erbringung unserer Leistungen als auch insbesondere auf unseren Webseiten, [&hellip;]<\/p>","protected":false},"author":1,"featured_media":0,"parent":0,"menu_order":0,"comment_status":"closed","ping_status":"closed","template":"","meta":{"_et_pb_use_builder":"on","_et_pb_old_content":"","_et_gb_content_width":"","footnotes":""},"class_list":["post-295","page","type-page","status-publish","hentry"],"yoast_head":"<!-- This site is optimized with the Yoast SEO plugin v26.8 - https:\/\/yoast.com\/product\/yoast-seo-wordpress\/ -->\n<title>Datenschutzerkl\u00e4rung - blackmore-gestalttherapie.de<\/title>\n<meta name=\"robots\" content=\"index, follow, max-snippet:-1, max-image-preview:large, max-video-preview:-1\" \/>\n<link rel=\"canonical\" href=\"https:\/\/blackmore-gestalttherapie.de\/en\/datenschutzerklaerung\/\" \/>\n<meta property=\"og:locale\" content=\"en_GB\" \/>\n<meta property=\"og:type\" content=\"article\" \/>\n<meta property=\"og:title\" content=\"Datenschutzerkl\u00e4rung - blackmore-gestalttherapie.de\" \/>\n<meta property=\"og:description\" content=\"Datenschutzerkl\u00e4rung Pr\u00e4ambel Mit der folgenden Datenschutzerkl\u00e4rung m\u00f6chten wir Sie dar\u00fcber aufkl\u00e4ren, welche Arten Ihrer personenbezogenen Daten (nachfolgend auch kurz als \u201eDaten\u201c bezeichnet) wir zu welchen Zwecken und in welchem Umfang verarbeiten. Die Datenschutzerkl\u00e4rung gilt f\u00fcr alle von uns durchgef\u00fchrten Verarbeitungen personenbezogener Daten, sowohl im Rahmen der Erbringung unserer Leistungen als auch insbesondere auf unseren Webseiten, [&hellip;]\" \/>\n<meta property=\"og:url\" content=\"https:\/\/blackmore-gestalttherapie.de\/en\/datenschutzerklaerung\/\" \/>\n<meta property=\"og:site_name\" content=\"blackmore-gestalttherapie.de\" \/>\n<meta property=\"article:modified_time\" content=\"2026-01-21T10:44:51+00:00\" \/>\n<meta property=\"og:image\" content=\"https:\/\/datenschutz-generator.de\/wp-content\/plugins\/ts-dsg\/images\/dsg-seal\/dsg-seal-pp-de.png\" \/>\n<meta name=\"twitter:card\" content=\"summary_large_image\" \/>\n<meta name=\"twitter:label1\" content=\"Estimated reading time\" \/>\n\t<meta name=\"twitter:data1\" content=\"21 minutes\" \/>\n<script type=\"application\/ld+json\" class=\"yoast-schema-graph\">{\"@context\":\"https:\/\/schema.org\",\"@graph\":[{\"@type\":\"WebPage\",\"@id\":\"https:\/\/blackmore-gestalttherapie.de\/datenschutzerklaerung\/\",\"url\":\"https:\/\/blackmore-gestalttherapie.de\/datenschutzerklaerung\/\",\"name\":\"Datenschutzerkl\u00e4rung - blackmore-gestalttherapie.de\",\"isPartOf\":{\"@id\":\"https:\/\/blackmore-gestalttherapie.de\/#website\"},\"primaryImageOfPage\":{\"@id\":\"https:\/\/blackmore-gestalttherapie.de\/datenschutzerklaerung\/#primaryimage\"},\"image\":{\"@id\":\"https:\/\/blackmore-gestalttherapie.de\/datenschutzerklaerung\/#primaryimage\"},\"thumbnailUrl\":\"https:\/\/datenschutz-generator.de\/wp-content\/plugins\/ts-dsg\/images\/dsg-seal\/dsg-seal-pp-de.png\",\"datePublished\":\"2026-01-19T14:44:46+00:00\",\"dateModified\":\"2026-01-21T10:44:51+00:00\",\"breadcrumb\":{\"@id\":\"https:\/\/blackmore-gestalttherapie.de\/datenschutzerklaerung\/#breadcrumb\"},\"inLanguage\":\"en-GB\",\"potentialAction\":[{\"@type\":\"ReadAction\",\"target\":[\"https:\/\/blackmore-gestalttherapie.de\/datenschutzerklaerung\/\"]}]},{\"@type\":\"ImageObject\",\"inLanguage\":\"en-GB\",\"@id\":\"https:\/\/blackmore-gestalttherapie.de\/datenschutzerklaerung\/#primaryimage\",\"url\":\"https:\/\/datenschutz-generator.de\/wp-content\/plugins\/ts-dsg\/images\/dsg-seal\/dsg-seal-pp-de.png\",\"contentUrl\":\"https:\/\/datenschutz-generator.de\/wp-content\/plugins\/ts-dsg\/images\/dsg-seal\/dsg-seal-pp-de.png\"},{\"@type\":\"BreadcrumbList\",\"@id\":\"https:\/\/blackmore-gestalttherapie.de\/datenschutzerklaerung\/#breadcrumb\",\"itemListElement\":[{\"@type\":\"ListItem\",\"position\":1,\"name\":\"Start\",\"item\":\"https:\/\/blackmore-gestalttherapie.de\/\"},{\"@type\":\"ListItem\",\"position\":2,\"name\":\"Datenschutzerkl\u00e4rung\"}]},{\"@type\":\"WebSite\",\"@id\":\"https:\/\/blackmore-gestalttherapie.de\/#website\",\"url\":\"https:\/\/blackmore-gestalttherapie.de\/\",\"name\":\"blackmore-gestalttherapie.de\",\"description\":\"\",\"potentialAction\":[{\"@type\":\"SearchAction\",\"target\":{\"@type\":\"EntryPoint\",\"urlTemplate\":\"https:\/\/blackmore-gestalttherapie.de\/?s={search_term_string}\"},\"query-input\":{\"@type\":\"PropertyValueSpecification\",\"valueRequired\":true,\"valueName\":\"search_term_string\"}}],\"inLanguage\":\"en-GB\"}]}<\/script>\n<!-- \/ Yoast SEO plugin. -->","yoast_head_json":{"title":"Datenschutzerkl\u00e4rung - blackmore-gestalttherapie.de","robots":{"index":"index","follow":"follow","max-snippet":"max-snippet:-1","max-image-preview":"max-image-preview:large","max-video-preview":"max-video-preview:-1"},"canonical":"https:\/\/blackmore-gestalttherapie.de\/en\/datenschutzerklaerung\/","og_locale":"en_GB","og_type":"article","og_title":"Datenschutzerkl\u00e4rung - blackmore-gestalttherapie.de","og_description":"Datenschutzerkl\u00e4rung Pr\u00e4ambel Mit der folgenden Datenschutzerkl\u00e4rung m\u00f6chten wir Sie dar\u00fcber aufkl\u00e4ren, welche Arten Ihrer personenbezogenen Daten (nachfolgend auch kurz als \u201eDaten\u201c bezeichnet) wir zu welchen Zwecken und in welchem Umfang verarbeiten. Die Datenschutzerkl\u00e4rung gilt f\u00fcr alle von uns durchgef\u00fchrten Verarbeitungen personenbezogener Daten, sowohl im Rahmen der Erbringung unserer Leistungen als auch insbesondere auf unseren Webseiten, [&hellip;]","og_url":"https:\/\/blackmore-gestalttherapie.de\/en\/datenschutzerklaerung\/","og_site_name":"blackmore-gestalttherapie.de","article_modified_time":"2026-01-21T10:44:51+00:00","og_image":[{"url":"https:\/\/datenschutz-generator.de\/wp-content\/plugins\/ts-dsg\/images\/dsg-seal\/dsg-seal-pp-de.png","type":"","width":"","height":""}],"twitter_card":"summary_large_image","twitter_misc":{"Estimated reading time":"21 minutes"},"schema":{"@context":"https:\/\/schema.org","@graph":[{"@type":"WebPage","@id":"https:\/\/blackmore-gestalttherapie.de\/datenschutzerklaerung\/","url":"https:\/\/blackmore-gestalttherapie.de\/datenschutzerklaerung\/","name":"Datenschutzerkl\u00e4rung - blackmore-gestalttherapie.de","isPartOf":{"@id":"https:\/\/blackmore-gestalttherapie.de\/#website"},"primaryImageOfPage":{"@id":"https:\/\/blackmore-gestalttherapie.de\/datenschutzerklaerung\/#primaryimage"},"image":{"@id":"https:\/\/blackmore-gestalttherapie.de\/datenschutzerklaerung\/#primaryimage"},"thumbnailUrl":"https:\/\/datenschutz-generator.de\/wp-content\/plugins\/ts-dsg\/images\/dsg-seal\/dsg-seal-pp-de.png","datePublished":"2026-01-19T14:44:46+00:00","dateModified":"2026-01-21T10:44:51+00:00","breadcrumb":{"@id":"https:\/\/blackmore-gestalttherapie.de\/datenschutzerklaerung\/#breadcrumb"},"inLanguage":"en-GB","potentialAction":[{"@type":"ReadAction","target":["https:\/\/blackmore-gestalttherapie.de\/datenschutzerklaerung\/"]}]},{"@type":"ImageObject","inLanguage":"en-GB","@id":"https:\/\/blackmore-gestalttherapie.de\/datenschutzerklaerung\/#primaryimage","url":"https:\/\/datenschutz-generator.de\/wp-content\/plugins\/ts-dsg\/images\/dsg-seal\/dsg-seal-pp-de.png","contentUrl":"https:\/\/datenschutz-generator.de\/wp-content\/plugins\/ts-dsg\/images\/dsg-seal\/dsg-seal-pp-de.png"},{"@type":"BreadcrumbList","@id":"https:\/\/blackmore-gestalttherapie.de\/datenschutzerklaerung\/#breadcrumb","itemListElement":[{"@type":"ListItem","position":1,"name":"Start","item":"https:\/\/blackmore-gestalttherapie.de\/"},{"@type":"ListItem","position":2,"name":"Datenschutzerkl\u00e4rung"}]},{"@type":"WebSite","@id":"https:\/\/blackmore-gestalttherapie.de\/#website","url":"https:\/\/blackmore-gestalttherapie.de\/","name":"blackmore-gestalttherapie.de","description":"","potentialAction":[{"@type":"SearchAction","target":{"@type":"EntryPoint","urlTemplate":"https:\/\/blackmore-gestalttherapie.de\/?s={search_term_string}"},"query-input":{"@type":"PropertyValueSpecification","valueRequired":true,"valueName":"search_term_string"}}],"inLanguage":"en-GB"}]}},"_links":{"self":[{"href":"https:\/\/blackmore-gestalttherapie.de\/en\/wp-json\/wp\/v2\/pages\/295","targetHints":{"allow":["GET"]}}],"collection":[{"href":"https:\/\/blackmore-gestalttherapie.de\/en\/wp-json\/wp\/v2\/pages"}],"about":[{"href":"https:\/\/blackmore-gestalttherapie.de\/en\/wp-json\/wp\/v2\/types\/page"}],"author":[{"embeddable":true,"href":"https:\/\/blackmore-gestalttherapie.de\/en\/wp-json\/wp\/v2\/users\/1"}],"replies":[{"embeddable":true,"href":"https:\/\/blackmore-gestalttherapie.de\/en\/wp-json\/wp\/v2\/comments?post=295"}],"version-history":[{"count":6,"href":"https:\/\/blackmore-gestalttherapie.de\/en\/wp-json\/wp\/v2\/pages\/295\/revisions"}],"predecessor-version":[{"id":335,"href":"https:\/\/blackmore-gestalttherapie.de\/en\/wp-json\/wp\/v2\/pages\/295\/revisions\/335"}],"wp:attachment":[{"href":"https:\/\/blackmore-gestalttherapie.de\/en\/wp-json\/wp\/v2\/media?parent=295"}],"curies":[{"name":"wp","href":"https:\/\/api.w.org\/{rel}","templated":true}]}}